{"id":718,"date":"2024-02-25T10:20:01","date_gmt":"2024-02-25T18:20:01","guid":{"rendered":"https:\/\/www.keinstress.cz\/?page_id=718"},"modified":"2024-02-25T10:50:45","modified_gmt":"2024-02-25T18:50:45","slug":"historie-2","status":"publish","type":"page","link":"https:\/\/www.keinstress.cz\/?page_id=718","title":{"rendered":"Historie"},"content":{"rendered":"\n<style type=\"text\/css\" data-created_by=\"avia_inline_auto\" id=\"style-css-av-17ta6u-87f837a6b55e7c3ec6350ac578a5ee94\">\n.avia-section.av-17ta6u-87f837a6b55e7c3ec6350ac578a5ee94{\nbackground-repeat:no-repeat;\nbackground-image:url(https:\/\/www.keinstress.cz\/wp-content\/uploads\/2024\/02\/home-scaled.jpg);\nbackground-position:50% 0%;\nbackground-attachment:fixed;\n}\n.avia-section.av-17ta6u-87f837a6b55e7c3ec6350ac578a5ee94 .av-section-color-overlay{\nopacity:0.3;\nbackground-color:#000000;\n}\n<\/style>\n<div id='av_section_1'  class='avia-section av-17ta6u-87f837a6b55e7c3ec6350ac578a5ee94 main_color avia-section-large avia-no-shadow  avia-builder-el-0  el_before_av_section  avia-builder-el-first  avia-full-stretch avia-bg-style-fixed av-section-color-overlay-active container_wrap sidebar_right'  data-section-bg-repeat='stretch'><div class=\"av-section-color-overlay-wrap\"><div class=\"av-section-color-overlay\"><\/div><div class='container av-section-cont-open' ><main  role=\"main\" itemprop=\"mainContentOfPage\"  class='template-page content  av-content-small alpha units'><div class='post-entry post-entry-type-page post-entry-718'><div class='entry-content-wrapper clearfix'>\n\n<style type=\"text\/css\" data-created_by=\"avia_inline_auto\" id=\"style-css-av-lt1tvawi-ac5d7a0a05fcdd567970a54b55321fe5\">\n#top .av-special-heading.av-lt1tvawi-ac5d7a0a05fcdd567970a54b55321fe5{\npadding-bottom:0;\ncolor:#ffffff;\nfont-size:50px;\n}\nbody .av-special-heading.av-lt1tvawi-ac5d7a0a05fcdd567970a54b55321fe5 .av-special-heading-tag .heading-char{\nfont-size:25px;\n}\n#top #wrap_all .av-special-heading.av-lt1tvawi-ac5d7a0a05fcdd567970a54b55321fe5 .av-special-heading-tag{\nfont-size:50px;\n}\n.av-special-heading.av-lt1tvawi-ac5d7a0a05fcdd567970a54b55321fe5 .special-heading-inner-border{\nborder-color:#ffffff;\n}\n.av-special-heading.av-lt1tvawi-ac5d7a0a05fcdd567970a54b55321fe5 .av-subheading{\nfont-size:15px;\n}\n\n@media only screen and (min-width: 480px) and (max-width: 767px){ \n#top #wrap_all .av-special-heading.av-lt1tvawi-ac5d7a0a05fcdd567970a54b55321fe5 .av-special-heading-tag{\nfont-size:0.8em;\n}\n}\n\n@media only screen and (max-width: 479px){ \n#top #wrap_all .av-special-heading.av-lt1tvawi-ac5d7a0a05fcdd567970a54b55321fe5 .av-special-heading-tag{\nfont-size:0.8em;\n}\n}\n<\/style>\n<div  class='av-special-heading av-lt1tvawi-ac5d7a0a05fcdd567970a54b55321fe5 av-special-heading-h3 custom-color-heading blockquote modern-quote modern-centered  avia-builder-el-1  el_before_av_hr  avia-builder-el-first  av-inherit-size'><h3 class='av-special-heading-tag'  itemprop=\"headline\"  >Diec\u00e9ze<\/h3><div class=\"special-heading-border\"><div class=\"special-heading-inner-border\"><\/div><\/div><\/div>\n\n<style type=\"text\/css\" data-created_by=\"avia_inline_auto\" id=\"style-css-av-3n25a-16484777908edd629d810e86551c0b48\">\n#top .hr.av-3n25a-16484777908edd629d810e86551c0b48{\nmargin-top:30px;\nmargin-bottom:30px;\n}\n.hr.av-3n25a-16484777908edd629d810e86551c0b48 .hr-inner{\nwidth:20%;\nborder-color:rgba(255,255,255,0.76);\nmax-width:45%;\n}\n.hr.av-3n25a-16484777908edd629d810e86551c0b48 .av-seperator-icon{\ncolor:#ffffff;\n}\n<\/style>\n<div  class='hr av-3n25a-16484777908edd629d810e86551c0b48 hr-custom  avia-builder-el-2  el_after_av_heading  avia-builder-el-last  hr-center hr-icon-yes'><span class='hr-inner inner-border-av-border-thin'><span class=\"hr-inner-style\"><\/span><\/span><span class='av-seperator-icon' aria-hidden='true' data-av_icon='\ue8bf' data-av_iconfont='entypo-fontello'><\/span><span class='hr-inner inner-border-av-border-thin'><span class=\"hr-inner-style\"><\/span><\/span><\/div>\n\n<\/div><\/div><\/main><!-- close content main element --><\/div><\/div><\/div><div id='av_section_2'  class='avia-section av-39zgu-df0554226d4c2ffacd8f17e31dc4aad5 main_color avia-section-default avia-no-border-styling  avia-builder-el-3  el_after_av_section  avia-builder-el-last  avia-bg-style-scroll container_wrap sidebar_right'  ><div class='container av-section-cont-open' ><div class='template-page content  av-content-small alpha units'><div class='post-entry post-entry-type-page post-entry-718'><div class='entry-content-wrapper clearfix'>\n<div class='flex_column_table av-rqa1y-1988e8b3ce517883487fdbf81d0be22a sc-av_two_third av-equal-height-column-flextable'>\n<style type=\"text\/css\" data-created_by=\"avia_inline_auto\" id=\"style-css-av-rqa1y-1988e8b3ce517883487fdbf81d0be22a\">\n#top .flex_column_table.av-equal-height-column-flextable.av-rqa1y-1988e8b3ce517883487fdbf81d0be22a{\nmargin-top:-90px;\nmargin-bottom:0px;\n}\n.flex_column.av-rqa1y-1988e8b3ce517883487fdbf81d0be22a{\nborder-radius:0px 0px 0px 0px;\npadding:30px 30px 30px 30px;\nbackground-color:#ffffff;\n}\n<\/style>\n<div  class='flex_column av-rqa1y-1988e8b3ce517883487fdbf81d0be22a av_two_third  avia-builder-el-4  el_before_av_one_third  avia-builder-el-first  first no_margin flex_column_table_cell av-equal-height-column av-align-top  '     ><p>\n<style type=\"text\/css\" data-created_by=\"avia_inline_auto\" id=\"style-css-av-lt1u17ah-dafbe0aff5a02925a409a44052f9e3af\">\n#top .av-special-heading.av-lt1u17ah-dafbe0aff5a02925a409a44052f9e3af{\npadding-bottom:0;\n}\nbody .av-special-heading.av-lt1u17ah-dafbe0aff5a02925a409a44052f9e3af .av-special-heading-tag .heading-char{\nfont-size:25px;\n}\n.av-special-heading.av-lt1u17ah-dafbe0aff5a02925a409a44052f9e3af .av-subheading{\nfont-size:15px;\n}\n<\/style>\n<div  id=\"pust\"  class='av-special-heading av-lt1u17ah-dafbe0aff5a02925a409a44052f9e3af av-special-heading-h3 blockquote modern-quote  avia-builder-el-5  el_before_av_textblock  avia-builder-el-first '><h3 class='av-special-heading-tag'  itemprop=\"headline\"  >Z historie olomouck\u00e9 diec\u00e9ze<\/h3><div class=\"special-heading-border\"><div class=\"special-heading-inner-border\"><\/div><\/div><\/div><br \/>\n\n<style type=\"text\/css\" data-created_by=\"avia_inline_auto\" id=\"style-css-av-71n2-dba27c651b5adb75e2d21e904d46ab8f\">\n#top .av_textblock_section.av-71n2-dba27c651b5adb75e2d21e904d46ab8f .avia_textblock{\nfont-size:10px;\n}\n<\/style>\n<section  class='av_textblock_section av-71n2-dba27c651b5adb75e2d21e904d46ab8f '   itemscope=\"itemscope\" itemtype=\"https:\/\/schema.org\/CreativeWork\" ><div class='avia_textblock'  itemprop=\"text\" ><p><span class=\"art-postdateicon\"><span class=\"date\">Published<\/span> <span class=\"entry-date\" title=\"14:20\">16.2.2024<\/span><\/span><\/p>\n<\/div><\/section><br \/>\n<section  class='av_textblock_section av-lt1u3wvk-3c5571a9f55e7b4664f7623310e2ac6a '   itemscope=\"itemscope\" itemtype=\"https:\/\/schema.org\/CreativeWork\" ><div class='avia_textblock'  itemprop=\"text\" ><p>V srpnu 1921 na sjezdu deleg\u00e1t\u016f n\u00e1bo\u017eensk\u00fdch obc\u00ed bylo rozhodnuto o \u00fazemn\u011b-administrativn\u00edm rozd\u011blen\u00ed mlad\u00e9 \u010cSR na t\u0159i diec\u00e9ze C\u00edrkve \u010deskoslovensk\u00e9 \u2013 a to na z\u00e1pado\u010deskou se s\u00eddlem v Praze, v\u00fdchodo\u010deskou se s\u00eddlem v Hradci Kr\u00e1lov\u00e9 a moravskou se s\u00eddlem v Olomouci. N\u00e1bo\u017eensk\u00e9 obce vznikl\u00e9 na \u00fazem\u00ed Slovenska a Zakarpatsk\u00e9 Ukrajiny spadaly pod spr\u00e1vu moravsk\u00e9 diec\u00e9ze. Prvn\u00edm moravsk\u00fdm biskupem byl na diec\u00e9zn\u00edm shrom\u00e1\u017ed\u011bn\u00ed je\u0161t\u011b v t\u00e9m\u017ee roce 1921 zvolen d\u0159\u00edv\u011bj\u0161\u00ed krom\u011b\u0159\u00ed\u017esk\u00fd kaplan Mat\u011bj Pavl\u00edk. Pavl\u00edkova orientace na pravoslav\u00ed, kter\u00e1 vy\u00fastila v p\u0159ijet\u00ed biskupsk\u00e9ho sv\u011bcen\u00ed od Srbsk\u00e9 pravoslavn\u00e9 c\u00edrkve, byla trnem v oku zejm\u00e9na v\u011b\u0159\u00edc\u00edm a kn\u011b\u017e\u00edm v severn\u00edch oblastech Moravy. Tam\u011bj\u0161\u00ed radvanick\u00fd far\u00e1\u0159 Ferdinand Stibor, kter\u00fd byl nejv\u00fdrazn\u011bj\u0161\u00ed osobnost\u00ed ve zm\u00edn\u011bn\u00e9m regionu, proto usiloval o vyman\u011bn\u00ed se z vlivu olomouck\u00e9ho biskupa.<\/p>\n<p>Po jedn\u00e1n\u00edch s \u00dast\u0159edn\u00ed radou C\u010cSH v Praze a na jej\u00ed doporu\u010den\u00ed do\u0161lo v roce 1922 k ustaven\u00ed nov\u00e9 samostatn\u00e9 ostravsk\u00e9 diec\u00e9ze se sv\u00fdm centrem v Radvanic\u00edch, je\u017e je jednou z dne\u0161n\u00edch ostravsk\u00fdch \u010dtvt\u00ed. O rok pozd\u011bji byl Ferdinand Stibor zvolen jej\u00edm prvn\u00edm biskupem. Mat\u011bj Pavl\u00edk, u\u017e\u00edvaj\u00edc\u00ed od biskupsk\u00e9ho sv\u011bcen\u00ed nov\u00e9ho jm\u00e9na Gorazd, pro spory a nepochopen\u00ed u sv\u00fdch spolubratr\u016f podporuj\u00edc\u00edch ve v\u011bt\u0161in\u011b K. Farsk\u00e9ho, dobrovoln\u011b v roce 1924 vystupuje s nemalou \u010d\u00e1st\u00ed moravsk\u00fdch v\u011b\u0159\u00edc\u00edch i far\u00e1\u0159\u016f z \u010ceskoslovensk\u00e9 c\u00edrkve a zakl\u00e1d\u00e1 Pravoslavnou c\u00edrkev. Do\u010dasn\u00fdm spr\u00e1vcem moravsk\u00e9 diec\u00e9ze se stal \u010dinorod\u00fd olomouck\u00fd far\u00e1\u0159 ThDr. Rostislav Stejskal, kter\u00fd byl pot\u00e9 v roce 1925 zvolen biskupem. Sv\u016fj episkop\u00e1t nesl a\u017e do sv\u00e9 p\u0159ed\u010dasn\u00e9 smrti roku 1946 v d\u016fsledku vy\u010derp\u00e1n\u00ed b\u011bhem let okupace. N\u00e1stupcem byl zvolen ThDr. Bohum\u00edr Cig\u00e1nek. P\u0159es sv\u016fj vysok\u00fd mor\u00e1ln\u00ed kredit byl v po\u00fanorov\u00e9 \u00e9\u0159e donucen v roce 1952 ze strany st\u00e1tn\u00ed diktatury k rezignaci.<\/p>\n<p>V obdob\u00ed jeho biskupsk\u00e9 slu\u017eby do\u0161lo k p\u0159est\u011bhov\u00e1n\u00ed \u00fa\u0159adu diec\u00e9zn\u00ed rady i kancel\u00e1\u0159e biskupa z farn\u00edch prostor Husova sboru do reprezentativn\u00ed secesn\u00ed vily v dne\u0161n\u00ed \u017dilinsk\u00e9 ulici (tehdy \u00da\u0159ednick\u00e1 ul.). Po biskupu Cig\u00e1nkovi byl zvolen prof. Franti\u0161ek Maria Hn\u00edk, kter\u00fd p\u0159e\u0161el do han\u00e1ck\u00e9 metropole z Husovy bohosloveck\u00e9 fakulty s vidinou, \u017ee se zmen\u0161\u00ed politick\u00fd tlak na jeho osobu. S pov\u011bst\u00ed b\u00fdval\u00e9ho vysoce postaven\u00e9ho \u00fa\u0159edn\u00edka a poradce v exilov\u00e9 vl\u00e1d\u011b Dr. Ed. Bene\u0161ev Lond\u00fdn\u011b byl v nov\u00e9m lidov\u011b-demokratick\u00e9m z\u0159\u00edzen\u00ed pro sv\u00e9 dosud \u017eiv\u00e9 zahrani\u010dn\u00ed kontakty zna\u010dn\u011b ned\u016fv\u011bryhodnou osobou. Obrovsk\u00fd psychick\u00fd tlak vytv\u00e1\u0159en\u00fd z vn\u011bj\u0161ku st\u00e1tn\u00edmi \u00fa\u0159ady i zevnit\u0159 nejbli\u017e\u0161\u00edmi c\u00edrkevn\u00edmi spolupracovn\u00edky se podepsal na jeho zhor\u0161uj\u00edc\u00edm se zdrav\u00ed. V roce 1960 odch\u00e1z\u00ed do invalidn\u00edho d\u016fchodu. Tragick\u00fd konec nenechal na sebe dlouho \u010dekat, za smutn\u00fdch okolnost\u00ed psychicky ut\u00fdr\u00e1n a vy\u010derp\u00e1n um\u00edr\u00e1 Fr. M. Hn\u00edk na ja\u0159e roku 1962 v \u00fastran\u00ed, v nevytopen\u00e9m diec\u00e9zn\u00edm byt\u011b. N\u00e1stupcem zvolilo diec\u00e9zn\u00ed shrom\u00e1\u017ed\u011bn\u00ed Hn\u00edkova diec\u00e9zn\u00edho tajemn\u00edka Leo Marcelucha, a to s po\u017eehn\u00e1n\u00edm St\u00e1tn\u00edho \u00fa\u0159adu pro v\u011bci c\u00edrkevn\u00ed. Ostravsk\u00e1 diec\u00e9ze v\u0161ak existovala paraleln\u011b s olomouckou a\u017e do roku 1962, kdy kon\u010dil jej\u00ed posledn\u00ed biskup Gabriel Chrob\u00e1\u010dek. Na po\u010d\u00e1tku biskupsk\u00e9 slu\u017eby L.Marcelucha do\u0161lo ke spr\u00e1vn\u00edmu slou\u010den\u00ed ostravsk\u00e9 a olomouck\u00e9 diec\u00e9ze, jedn\u00edm z d\u016fvod\u016f bylo nov\u00e9 \u010dlen\u011bn\u00ed kraj\u016f. S\u00eddlem \u00fazemn\u011b rozrostl\u00e9 diec\u00e9ze byla potvrzena Olomouc.<\/p>\n<p>Po letech \u0161ikany c\u00edrkevn\u00edch p\u0159edstavitel\u016f st\u00e1tn\u00edm apar\u00e1tem nach\u00e1z\u00ed Leo Marceluch dve\u0159e krajsk\u00fdch i okresn\u00edch v\u00fdbor\u016f otev\u0159en\u00e9. Ze strany st\u00e1tn\u00edch instituc\u00ed byl vn\u00edm\u00e1n pozitivn\u011b jako vst\u0159\u00edcn\u00fd a cti\u017e\u00e1dostiv\u00fd \u010dlov\u011bk, p\u0159\u00edstupn\u00fd ke komunikaci. L.Marceluch \u2013 b\u00fdval\u00fd hodolansk\u00fd far\u00e1\u0159 se tak\u00e9 t\u011b\u0161il oblib\u011b u velk\u00e9 \u010d\u00e1sti sv\u00fdch v\u011b\u0159\u00edc\u00edch. Jeho episkop\u00e1t pat\u0159\u00ed v historii olomouck\u00e9 diec\u00e9ze k t\u011bm nejdel\u0161\u00edm, a\u017e do roku 1988, kdy byl penzionov\u00e1n a pot\u00e9 nad\u00e1le jako duchovn\u00ed v d\u016fchodu nad\u00e1le v pastoraci vypom\u00e1hal. Na jeho m\u00edsto used\u00e1 far\u00e1\u0159 a redaktor \u010cesk\u00e9ho z\u00e1pasu ThDr. Vlastimil Z\u00edtek, jen\u017e se velmi z\u00e1hy po p\u0159evzet\u00ed \u00fa\u0159adu musel vyrovnat se zm\u011bnou politick\u00e9ho kursu a nabytou ob\u010danskou i n\u00e1bo\u017eenskou svobodou. Rehabilitoval a povolal zp\u011bt do slu\u017eby kn\u011bze, kter\u00fdm byl od\u0148at st\u00e1tn\u00ed souhlas a zapojil je ihned do duchovn\u00ed spr\u00e1vy. M\u011bl velk\u00e9 pl\u00e1ny, jak oslovit mlad\u00e9 hledaj\u00edc\u00ed lidi a jak op\u011bt naplnit sbory. V atmosf\u00e9\u0159e 90. let se mu to do zna\u010dn\u00e9 m\u00edry poda\u0159ilo. Nav\u00e1zal spolupr\u00e1ci s nizozemskou evangelickou c\u00edrkv\u00ed v Alkmaaru. Dok\u00e1zal z\u00edskat i nemalou finan\u010dn\u00ed pomoc pro v\u011b\u0159\u00edc\u00ed posti\u017een\u00e9 povodn\u011bmi v roce 1997, a s\u00e1m se v jej\u00ed koordinaci anga\u017eoval. Jist\u00fdm mezn\u00edkem v historii C\u010cSH se stala volba Z\u00edtkovyn\u00e1stupkyn\u011b Jany \u0160ilerov\u00e9, far\u00e1\u0159ky z Rychvaldu, historicky prvn\u00ed \u017eeny uveden\u00e9 do biskupsk\u00e9ho \u00fa\u0159adu ve st\u0159edn\u00ed Evrop\u011b.<\/p>\n<p>Biskupka Jana svou otev\u0159enost\u00ed a z\u00e1jmem o ve\u0159ejn\u00e9 d\u011bn\u00ed, kter\u00e9 dok\u00e1zala v duchu evangelia v\u00fdsti\u017en\u011b glosovat, si vyslou\u017eila z\u00e1jem m\u00e9di\u00ed o jej\u00ed n\u00e1zory, koment\u00e1\u0159e \u010di vyj\u00e1d\u0159en\u00ed. Jej\u00ed pastora\u010dn\u00ed vliv p\u0159erostl nejen p\u016fdorys olomouck\u00e9 diec\u00e9ze, ale i cel\u00e9 C\u010cSH. Krom jin\u00e9ho byla \u010dlenkou Rady pro rozhlasov\u00e9 a televizn\u00ed vys\u00edl\u00e1n\u00ed, \u010di poradkyn\u00ed Daniela Hermana v \u00daSTR. Za sv\u016fj vliv i dlouhodob\u00fd p\u0159\u00ednos pro zlep\u0161en\u00ed spole\u010densk\u00e9ho klimatu j\u00ed byl v dubnu 2014 Hospod\u00e1\u0159skou komorou \u010cR ud\u011blen \u0159\u00e1d platinov\u00e9ho Vav\u0159\u00ednu. <strong>V letech 2013 \u2013 2020 byl v po\u0159ad\u00ed osm\u00fdm olomouck\u00fdm biskupem MUDr.et Mgr.Rudolf G\u00f6bel, kter\u00fd spolu s Diec\u00e9zn\u00ed radou C\u010cSH v Olomouci v souvislosti s prob\u00edhaj\u00edc\u00ed odlukou c\u00edrkve od st\u00e1tu zah\u00e1jil prov\u00e1d\u011bn\u00ed nutn\u00fdch organiza\u010dn\u00edch a person\u00e1ln\u00edch opat\u0159en\u00ed vedouc\u00edch k ekonomick\u00e9 nez\u00e1vislosti a sob\u011bsta\u010dnosti olomouck\u00e9 diec\u00e9ze. V ned\u011bli dne 14. \u010dervna 2020 se ujal sv\u00e9 funkce dev\u00e1t\u00fd olomouck\u00fd biskup Mgr. Tom\u00e1\u0161 Chytil, kter\u00fd na tuto n\u00e1ro\u010dnou \u010dinnost ve spolupr\u00e1ci s \u010dleny diec\u00e9zn\u00ed rady nav\u00e1\u017ee s vyu\u017eit\u00edm sv\u00fdch osobn\u00edch obdarov\u00e1n\u00ed, k \u010demu\u017e mu p\u0159ejeme Bo\u017e\u00ed po\u017eehn\u00e1n\u00ed a moudrost od Ducha Svat\u00e9ho.<\/strong><\/p>\n<\/div><\/section><\/p><\/div>\n<style type=\"text\/css\" data-created_by=\"avia_inline_auto\" id=\"style-css-av-1m7gm-c58f5f7f20e89332754f291f7bc0c67d\">\n#top .flex_column_table.av-equal-height-column-flextable.av-1m7gm-c58f5f7f20e89332754f291f7bc0c67d{\nmargin-top:-90px;\nmargin-bottom:0px;\n}\n.flex_column.av-1m7gm-c58f5f7f20e89332754f291f7bc0c67d{\nborder-radius:0px 0px 0px 0px;\npadding:30px 30px 30px 30px;\nbackground-color:#f0f0f0;\n}\n<\/style>\n<div  class='flex_column av-1m7gm-c58f5f7f20e89332754f291f7bc0c67d av_one_third  avia-builder-el-8  el_after_av_two_third  avia-builder-el-last  no_margin flex_column_table_cell av-equal-height-column av-align-top  '     ><div  class='avia-builder-widget-area clearfix  avia-builder-el-9  avia-builder-el-no-sibling '><div id=\"nav_menu-4\" class=\"widget clearfix widget_nav_menu\"><h3 class=\"widgettitle\">Diec\u00e9ze<\/h3><div class=\"menu-dieceze-container\"><ul id=\"menu-dieceze\" class=\"menu\"><li id=\"menu-item-765\" class=\"menu-item menu-item-type-post_type menu-item-object-page menu-item-765\"><a href=\"https:\/\/www.keinstress.cz\/?page_id=718\">Historie<\/a><\/li>\n<li id=\"menu-item-764\" class=\"menu-item menu-item-type-post_type menu-item-object-page menu-item-764\"><a href=\"https:\/\/www.keinstress.cz\/?page_id=737\">Diec\u00e9zn\u00ed rada<\/a><\/li>\n<li id=\"menu-item-763\" class=\"menu-item menu-item-type-post_type menu-item-object-page menu-item-763\"><a href=\"https:\/\/www.keinstress.cz\/?page_id=740\">\u00da\u0159ad diec\u00e9zn\u00ed rady<\/a><\/li>\n<li id=\"menu-item-762\" class=\"menu-item menu-item-type-post_type menu-item-object-page menu-item-762\"><a href=\"https:\/\/www.keinstress.cz\/?page_id=748\">Ke sta\u017een\u00ed<\/a><\/li>\n<\/ul><\/div><\/div><\/div><\/div><\/div><!--close column table wrapper. Autoclose: 1 --><\/div><\/div><\/div><!-- close content main div --><\/div><\/div><div id='after_section_2'  class='main_color av_default_container_wrap container_wrap sidebar_right'  ><div class='container av-section-cont-open' ><div class='template-page content  av-content-small alpha units'><div class='post-entry post-entry-type-page post-entry-718'><div class='entry-content-wrapper clearfix'>\n","protected":false},"excerpt":{"rendered":"","protected":false},"author":1,"featured_media":0,"parent":0,"menu_order":0,"comment_status":"closed","ping_status":"closed","template":"","meta":{"_price":"","_stock":"","_tribe_ticket_header":"","_tribe_default_ticket_provider":"","_tribe_ticket_capacity":"0","_ticket_start_date":"","_ticket_end_date":"","_tribe_ticket_show_description":"","_tribe_ticket_show_not_going":false,"_tribe_ticket_use_global_stock":"","_tribe_ticket_global_stock_level":"","_global_stock_mode":"","_global_stock_cap":"","_tribe_rsvp_for_event":"","_tribe_ticket_going_count":"","_tribe_ticket_not_going_count":"","_tribe_tickets_list":"[]","_tribe_ticket_has_attendee_info_fields":false,"footnotes":""},"class_list":["post-718","page","type-page","status-publish","hentry"],"ticketed":false,"_links":{"self":[{"href":"https:\/\/www.keinstress.cz\/index.php?rest_route=\/wp\/v2\/pages\/718","targetHints":{"allow":["GET"]}}],"collection":[{"href":"https:\/\/www.keinstress.cz\/index.php?rest_route=\/wp\/v2\/pages"}],"about":[{"href":"https:\/\/www.keinstress.cz\/index.php?rest_route=\/wp\/v2\/types\/page"}],"author":[{"embeddable":true,"href":"https:\/\/www.keinstress.cz\/index.php?rest_route=\/wp\/v2\/users\/1"}],"replies":[{"embeddable":true,"href":"https:\/\/www.keinstress.cz\/index.php?rest_route=%2Fwp%2Fv2%2Fcomments&post=718"}],"version-history":[{"count":5,"href":"https:\/\/www.keinstress.cz\/index.php?rest_route=\/wp\/v2\/pages\/718\/revisions"}],"predecessor-version":[{"id":2529,"href":"https:\/\/www.keinstress.cz\/index.php?rest_route=\/wp\/v2\/pages\/718\/revisions\/2529"}],"wp:attachment":[{"href":"https:\/\/www.keinstress.cz\/index.php?rest_route=%2Fwp%2Fv2%2Fmedia&parent=718"}],"curies":[{"name":"wp","href":"https:\/\/api.w.org\/{rel}","templated":true}]}}